{"id":39,"date":"2017-11-22T12:49:13","date_gmt":"2017-11-22T11:49:13","guid":{"rendered":"http:\/\/www.ctyrlistekns.cz\/wp\/?page_id=39"},"modified":"2024-11-30T14:27:27","modified_gmt":"2024-11-30T13:27:27","slug":"repertoar","status":"publish","type":"page","link":"http:\/\/www.ctyrlistekns.cz\/wp\/repertoar\/","title":{"rendered":"Reperto\u00e1r"},"content":{"rendered":"\t\t<div data-elementor-type=\"wp-post\" data-elementor-id=\"39\" class=\"elementor elementor-39\">\n\t\t\t\t\t\t\t\t\t<section class=\"elementor-section elementor-top-section elementor-element elementor-element-5513274 elementor-section-boxed elementor-section-height-default elementor-section-height-default\" data-id=\"5513274\" data-element_type=\"section\">\n\t\t\t\t\t\t<div class=\"elementor-container elementor-column-gap-default\">\n\t\t\t\t\t<div class=\"elementor-column elementor-col-100 elementor-top-column elementor-element elementor-element-a61949a\" data-id=\"a61949a\" data-element_type=\"column\">\n\t\t\t<div class=\"elementor-widget-wrap elementor-element-populated\">\n\t\t\t\t\t\t\t\t<section class=\"elementor-section elementor-inner-section elementor-element elementor-element-26e80da elementor-section-boxed elementor-section-height-default elementor-section-height-default\" data-id=\"26e80da\" data-element_type=\"section\">\n\t\t\t\t\t\t<div class=\"elementor-container elementor-column-gap-default\">\n\t\t\t\t\t<div class=\"elementor-column elementor-col-50 elementor-inner-column elementor-element elementor-element-e757eac\" data-id=\"e757eac\" data-element_type=\"column\">\n\t\t\t<div class=\"elementor-widget-wrap elementor-element-populated\">\n\t\t\t\t\t\t\t\t<div class=\"elementor-element elementor-element-fb0eef0 elementor-widget elementor-widget-text-editor\" data-id=\"fb0eef0\" data-element_type=\"widget\" data-widget_type=\"text-editor.default\">\n\t\t\t\t<div class=\"elementor-widget-container\">\n\t\t\t<style>\/*! elementor - v3.17.0 - 25-10-2023 *\/\n.elementor-widget-text-editor.elementor-drop-cap-view-stacked .elementor-drop-cap{background-color:#69727d;color:#fff}.elementor-widget-text-editor.elementor-drop-cap-view-framed .elementor-drop-cap{color:#69727d;border:3px solid;background-color:transparent}.elementor-widget-text-editor:not(.elementor-drop-cap-view-default) .elementor-drop-cap{margin-top:8px}.elementor-widget-text-editor:not(.elementor-drop-cap-view-default) .elementor-drop-cap-letter{width:1em;height:1em}.elementor-widget-text-editor .elementor-drop-cap{float:left;text-align:center;line-height:1;font-size:50px}.elementor-widget-text-editor .elementor-drop-cap-letter{display:inline-block}<\/style>\t\t\t\t<h3>\u010cesk\u00e9 p\u00e1smo<\/h3><p>29.4.1977, 12 minut<br \/>P\u00e1smo \u010desk\u00fdch tanc\u016f, pravideln\u011b po sloce zp\u011bvu, st\u0159\u00eddan\u00fdch tancem na kruhu.<\/p><h3>Rakovnick\u00e9 p\u00e1smo<\/h3><p>5.5.1978, 26 minut<br \/>P\u00e1smo tanc\u016f, zp\u011bv\u016f, \u0159\u00edkadel a rozpo\u010ditadel, vych\u00e1zej\u00edc\u00ed z&nbsp;region\u00e1ln\u00ed sb\u00edrky Adolfa Cm\u00edrala.<\/p><h3>Sek\u00e1\u010di<\/h3><p>9.11.1978, 6 minut<br \/>\u010cty\u0159p\u00e1rov\u00e1 tane\u010dn\u00ed stylizace motivu senose\u010de.<\/p><h3>\u010cesk\u00e9 tance<\/h3><p>21.2.1979, 6 minut<br \/>Choreografick\u00e9 rozveden\u00ed t\u0159\u00ed \u010desk\u00fdch tanc\u016f z&nbsp;\u010desk\u00e9ho p\u00e1sma (\u010dlenov\u00e9 souboru znaj\u00ed tyto tance pod n\u00e1zvem \u201e\u00danor\u201c, kter\u00fd vznikl na z\u00e1klad\u011b toho, \u017ee premi\u00e9ra byla tan\u010dena na Krajsk\u00fdch oslav\u00e1ch V\u00edt\u011bzn\u00e9ho \u00fanora).<\/p><h3>Tane\u010dn\u00ed hry<\/h3><p>26.4.1979, 12 minut<br \/>Uk\u00e1zka n\u011bkolika rozvern\u00fdch tane\u010dn\u00edch her mlad\u00e9 chasy.<\/p><h3>Hul\u00e1n<\/h3><p>26.4.1979, 8 minut<br \/>Tanec pro 1 p\u00e1r. Milostn\u00fd tanec chlapce a d\u00edvky vych\u00e1zej\u00edc\u00ed z&nbsp;vojensk\u00e9ho motivu.<\/p><h3>Dup\u00e1k<\/h3><p>13.5.1981, 8 minut<br \/>Choreografick\u00e9 rozveden\u00ed figur\u00e1ln\u00edho \u010desk\u00e9ho tance.<\/p><h3>Posv\u00edcen\u00ed<\/h3><p>13.6.1981, 10 minut<br \/>Zpracov\u00e1n\u00ed n\u011bkolika tanc\u016f a p\u00edsn\u00ed s&nbsp;touto t\u00e9matikou.<\/p><h3>Jin\u00e1\u010d nen\u00ed v&nbsp;posv\u00edcen\u00ed<\/h3><p>22.5.1982, 28 minut<br \/>P\u00e1smo zpracov\u00e1vaj\u00edc\u00ed t\u00e9ma staro\u010desk\u00e9ho posv\u00edcen\u00ed st\u0159edn\u00edch \u010cech.<\/p><h3>Mysliveck\u00e1<\/h3><p>3.12.1983, 20 minut<\/p><h3>\u010cesk\u00e9 tance<\/h3><div><span style=\"font-size: 13px;\">1.5.1984, 10 minut<\/span><\/div><p>Mr\u00e1kot\u00ednsk\u00e1, Chodsk\u00e9 tance<\/p><h3>Chmel\u00ed\u010dku, chmeli\u2026<\/h3><p>5.10.1985, 32 minut<br \/>Folklorn\u00ed sc\u00e9nick\u00e1 stylizace pracovn\u00edho roku chmela\u0159\u016f na Rakovnicku.<\/p><h3>Berounce<\/h3><p>18.6.1988, 30 minut<br \/>Folkl\u00f3rn\u00ed sc\u00e9nick\u00e1 stylizace obr\u00e1zk\u016f ze \u017eivota kolem Berounky.<\/p><h3>Rakovnick\u00e1 v\u00e1no\u010dn\u00ed hra<\/h3><p>10.10.1989, 28 minut<br \/>Sc\u00e9nick\u00e9 zpracov\u00e1n\u00ed biblick\u00e9ho p\u0159\u00edb\u011bhu o zrozen\u00ed Krista propojen\u00e9 v\u00e1no\u010dn\u00edmi zp\u011bvy a tanci.<\/p><h3 style=\"font-family: Roboto, sans-serif;\">Co ty holka vlastn\u011b chce\u0161?<\/h3><p style=\"font-size: 13px;\">5.5.1995, 12 minut<br \/>Choreografick\u00e9 zpracov\u00e1n\u00ed \u0159emeslnick\u00fdch tanc\u016f.<\/p><h3 style=\"font-family: Roboto, sans-serif;\">V\u00fdslu\u017eka<\/h3><p style=\"font-size: 13px;\">8.5.1998, 22 minut<br \/>P\u00edse\u0148 \u201eKdy\u017e jsem j\u00e1 slou\u017eil\u201c spojen\u00e1 charakteristick\u00fdmi tanci.<\/p><div>\u00a0<\/div>\t\t\t\t\t\t<\/div>\n\t\t\t\t<\/div>\n\t\t\t\t\t<\/div>\n\t\t<\/div>\n\t\t\t\t<div class=\"elementor-column elementor-col-50 elementor-inner-column elementor-element elementor-element-2439329\" data-id=\"2439329\" data-element_type=\"column\">\n\t\t\t<div class=\"elementor-widget-wrap elementor-element-populated\">\n\t\t\t\t\t\t\t\t<div class=\"elementor-element elementor-element-b28a392 elementor-widget elementor-widget-text-editor\" data-id=\"b28a392\" data-element_type=\"widget\" data-widget_type=\"text-editor.default\">\n\t\t\t\t<div class=\"elementor-widget-container\">\n\t\t\t\t\t\t\t<h3><span style=\"font-family: inherit; font-size: 24px;\">Pou\u0165<\/span><\/h3>\n<p>6.5.2000, 12 minut<br>Zpracov\u00e1n\u00ed tanc\u016f a p\u00edsn\u00ed s&nbsp;touto t\u00e9matikou.<\/p>\n<h3>Hospoda<\/h3>\n<p>3.5.2002&nbsp;12 minut<br>Pivo sem, pivo tam! Pivo jako zdroj mnoh\u00fdch spor\u016f i usm\u00ed\u0159en\u00ed v&nbsp;p\u00edsni\u010dce i tanci.<\/p>\n<h3>\u201eJ\u00e1 jsem \u2026\u201c<\/h3>\n<p>1.5.2003, 12 minut<br>\u201eJ\u00e1 jsem\u2026\u201c z&nbsp;Kutn\u00e9 Hory,\u2026tkadlec od Nymburka,\u2026okolo Kol\u00edna, \u2026 poslali m\u011b do Berouna \u2013 proch\u00e1zka st\u0159edn\u00edmi \u010cechami.<\/p>\n<h3>Kouzlo \u010dty\u0159 sv\u00ed\u010dek<\/h3>\n<p>19.12.2004, 40 minut<br>Sc\u00e9nick\u00e9 zpracov\u00e1n\u00ed adventn\u00edch zvyk\u016f propojen\u00e9 pov\u00edd\u00e1n\u00edm babi\u010dky, d\u011bde\u010dka a d\u011bt\u00ed.<\/p>\n<h3><b>O svat\u00e9m J\u00e1nu<\/b><\/h3>\n<div><span style=\"font-size: 13px;\">4.5.&nbsp;2007,&nbsp;<\/span><span style=\"font-size: 13px;\">18 minut<\/span><b><br><\/b><\/div>\n<p>V\u011bt\u0161inou je toto t\u00e9ma zobrazov\u00e1no jako \u010darovn\u00e1 noc. Zde je v\u0161ak zachycen cel\u00fd den \u2013 od poledne a\u017e po p\u016flnoc a v\u0161e za\u010d\u00edn\u00e1 legendou o Marii a Al\u017eb\u011bt\u011b. V&nbsp;p\u00e1smu vystupuj\u00ed d\u011bti.<\/p>\n<h3><b>Koleda<\/b><\/h3>\n<div><span style=\"font-size: 13px;\">20.&nbsp;12.&nbsp;2008, 12 minut<\/span><b><br><\/b><\/div>\n<p>P\u00e1smo o koledn\u00edc\u00edch aneb Kdo v\u0161echno ponese d\u00e1rky Je\u017e\u00ed\u0161kovi?<\/p>\n<h3><b>Le\u0161\u0165ovinky<\/b><\/h3>\n<div><span style=\"font-size: 13px;\">8.5.&nbsp;2009, 15 minut<\/span><b><br><\/b><\/div>\n<p>V p\u00e1smu se prol\u00ednaj\u00ed t\u0159i p\u00edsn\u011b &#8211; J\u00e1 do lesa, Nevid\u011bli jste tu, Jede, jede. Jde o posledn\u00ed upraven\u00e9 p\u00e1smo od Vladim\u00edra \u201eLe\u0161ti\u201c Novotn\u00e9ho.<\/p>\n<h3><b>Narodil se n\u00e1m<\/b><\/h3>\n<div><span style=\"font-size: 13px;\">18.&nbsp;12.&nbsp;2010, 12 minut<\/span><b><br><\/b><\/div>\n<p>P\u00e1smo, ve kter\u00e9m se prost\u00ed lide doslechnou o narozen\u00ed Je\u017e\u00ed\u0161ka a p\u0159em\u00fd\u0161lej\u00ed, co mu donesou.<\/p>\n<h3><b>Desatero<\/b><\/h3>\n<div><span style=\"font-size: 13px;\">22.&nbsp;12.&nbsp;2012, 18 minut<\/span><b><br><\/b><\/div>\n<p>Tematick\u00e9 vyj\u00e1d\u0159en\u00ed Bo\u017e\u00edch p\u0159ik\u00e1z\u00e1n\u00ed.<\/p>\n<h3><b>Pivo, \u017eeny, zp\u011bv<\/b><\/h3>\n<div>21.12.&nbsp;2013, 12 minut<\/div>\n<p>Kr\u00e1tk\u00e9 tane\u010dn\u00ed p\u00e1smo, \u010dty\u0159i tance.<\/p>\n<h3><b>Nejsem p\u0159\u00edtel smutnost\u00ed<\/b><\/h3>\n<div><span style=\"font-size: 13px;\">6.5.2016, 14 minut<\/span><\/div>\n<p>P\u00e1smo zalo\u017een\u00e9 na lidov\u00e9 h\u0159e, ve kter\u00e9 jeden p\u0159edv\u00e1d\u00ed a ostatn\u00ed po n\u011bm opakuj\u00ed.<\/p>\n<h3><b>Betl\u00e9m<\/b><\/h3>\n<div>17.12.&nbsp;2016, 25 minut<\/div>\n<p>Cel\u00fd p\u0159\u00edb\u011bh o narozen\u00ed Je\u017e\u00ed\u0161ka.<\/p>\n<h3 style=\"font-family: Roboto, sans-serif; color: #000000;\">To je to m\u011bsto<\/h3>\n<div><span style=\"font-size: 13px; color: var( --e-global-color-text ); font-family: var( --e-global-typography-text-font-family ), Sans-serif; font-weight: var( --e-global-typography-text-font-weight );\">3.5.&nbsp;2019, 8 minut<\/span><\/div>\n<div>Choreografie zpracov\u00e1v\u00e1 m\u011bstsk\u00fd folklor na Kladensku. Zpracov\u00e1no je zde p\u011bt p\u00edsn\u00ed, p\u0159i\u010dem\u017e se cel\u00e1 choreografie odehr\u00e1v\u00e1 na s\u00e1le hospody U Rohan\u016f, kter\u00e1 na Kladn\u011b skute\u010dn\u011b existovala.<\/div>\n<h6>&nbsp;<\/h6>\n<h6><span style=\"font-size: 24px;\">P\u016fjdem spolu&#8230;<\/span><\/h6>\n<h6>\n<div style=\"font-size: 13px; color: rgb(122, 122, 122); font-weight: 400;\"><span style=\"font-size: 13px; color: var( --e-global-color-text ); font-family: var( --e-global-typography-text-font-family ), Sans-serif; font-weight: var( --e-global-typography-text-font-weight );\">17.12.&nbsp;2022, 12 minut<\/span><\/div>\n<div style=\"font-size: 13px; color: rgb(122, 122, 122); font-weight: 400;\">P\u016fjdem spolu do Betl\u00e9ma v&nbsp;pod\u00e1n\u00ed soubor je pon\u011bkud netradi\u010dn\u00ed. V&nbsp;ka\u017ed\u00e9 sloce zn\u00e1m\u00e9 koledy se nad n\u011b\u010d\u00edm pozastav\u00edme a \u0159e\u0161\u00edme, jak to vlastn\u011b m\u011blo b\u00fdt.<\/div>\n<\/h6>\t\t\t\t\t\t<\/div>\n\t\t\t\t<\/div>\n\t\t\t\t\t<\/div>\n\t\t<\/div>\n\t\t\t\t\t\t\t<\/div>\n\t\t<\/section>\n\t\t\t\t\t<\/div>\n\t\t<\/div>\n\t\t\t\t\t\t\t<\/div>\n\t\t<\/section>\n\t\t\t\t\t\t\t<\/div>\n\t\t","protected":false},"excerpt":{"rendered":"<p>\u010cesk\u00e9 p\u00e1smo 29.4.1977, 12 minutP\u00e1smo \u010desk\u00fdch tanc\u016f, pravideln\u011b po sloce zp\u011bvu, st\u0159\u00eddan\u00fdch tancem na kruhu. Rakovnick\u00e9 p\u00e1smo 5.5.1978, 26 minutP\u00e1smo tanc\u016f, zp\u011bv\u016f, \u0159\u00edkadel a rozpo\u010ditadel,&hellip;<\/p>\n","protected":false},"author":1,"featured_media":0,"parent":0,"menu_order":0,"comment_status":"closed","ping_status":"closed","template":"","meta":{"footnotes":""},"yoast_head":"<!-- This site is optimized with the Yoast SEO plugin v22.0 - https:\/\/yoast.com\/wordpress\/plugins\/seo\/ -->\n<title>Reperto\u00e1r - \u010cty\u0159l\u00edstek<\/title>\n<meta name=\"description\" content=\"Reporto\u00e1r folklorn\u00edho souboru \u010cty\u0159l\u00edstek. Seznam v\u0161ech p\u00e1sem, kter\u00e9 jsme nacvi\u010dli, tan\u010dili a kde n\u00e1s m\u016f\u017eete vid\u011bt .\" \/>\n<meta name=\"robots\" content=\"index, follow, max-snippet:-1, max-image-preview:large, max-video-preview:-1\" \/>\n<link rel=\"canonical\" href=\"http:\/\/www.ctyrlistekns.cz\/wp\/repertoar\/\" \/>\n<meta property=\"og:locale\" content=\"cs_CZ\" \/>\n<meta property=\"og:type\" content=\"article\" \/>\n<meta property=\"og:title\" content=\"Reperto\u00e1r - \u010cty\u0159l\u00edstek\" \/>\n<meta property=\"og:description\" content=\"Reporto\u00e1r folklorn\u00edho souboru \u010cty\u0159l\u00edstek. Seznam v\u0161ech p\u00e1sem, kter\u00e9 jsme nacvi\u010dli, tan\u010dili a kde n\u00e1s m\u016f\u017eete vid\u011bt .\" \/>\n<meta property=\"og:url\" content=\"http:\/\/www.ctyrlistekns.cz\/wp\/repertoar\/\" \/>\n<meta property=\"og:site_name\" content=\"\u010cty\u0159l\u00edstek\" \/>\n<meta property=\"article:modified_time\" content=\"2024-11-30T13:27:27+00:00\" \/>\n<meta name=\"twitter:card\" content=\"summary_large_image\" \/>\n<meta name=\"twitter:label1\" content=\"Odhadovan\u00e1 doba \u010dten\u00ed\" \/>\n\t<meta name=\"twitter:data1\" content=\"3 minuty\" \/>\n<script type=\"application\/ld+json\" class=\"yoast-schema-graph\">{\"@context\":\"https:\/\/schema.org\",\"@graph\":[{\"@type\":\"WebPage\",\"@id\":\"http:\/\/www.ctyrlistekns.cz\/wp\/repertoar\/\",\"url\":\"http:\/\/www.ctyrlistekns.cz\/wp\/repertoar\/\",\"name\":\"Reperto\u00e1r - \u010cty\u0159l\u00edstek\",\"isPartOf\":{\"@id\":\"http:\/\/www.ctyrlistekns.cz\/wp\/#website\"},\"datePublished\":\"2017-11-22T11:49:13+00:00\",\"dateModified\":\"2024-11-30T13:27:27+00:00\",\"description\":\"Reporto\u00e1r folklorn\u00edho souboru \u010cty\u0159l\u00edstek. Seznam v\u0161ech p\u00e1sem, kter\u00e9 jsme nacvi\u010dli, tan\u010dili a kde n\u00e1s m\u016f\u017eete vid\u011bt .\",\"breadcrumb\":{\"@id\":\"http:\/\/www.ctyrlistekns.cz\/wp\/repertoar\/#breadcrumb\"},\"inLanguage\":\"cs\",\"potentialAction\":[{\"@type\":\"ReadAction\",\"target\":[\"http:\/\/www.ctyrlistekns.cz\/wp\/repertoar\/\"]}]},{\"@type\":\"BreadcrumbList\",\"@id\":\"http:\/\/www.ctyrlistekns.cz\/wp\/repertoar\/#breadcrumb\",\"itemListElement\":[{\"@type\":\"ListItem\",\"position\":1,\"name\":\"Dom\u016f\",\"item\":\"http:\/\/www.ctyrlistekns.cz\/wp\/\"},{\"@type\":\"ListItem\",\"position\":2,\"name\":\"Reperto\u00e1r\"}]},{\"@type\":\"WebSite\",\"@id\":\"http:\/\/www.ctyrlistekns.cz\/wp\/#website\",\"url\":\"http:\/\/www.ctyrlistekns.cz\/wp\/\",\"name\":\"\u010cty\u0159l\u00edstek\",\"description\":\"Folklorn\u00ed soubor z Nov\u00e9ho Stra\u0161ec\u00ed\",\"potentialAction\":[{\"@type\":\"SearchAction\",\"target\":{\"@type\":\"EntryPoint\",\"urlTemplate\":\"http:\/\/www.ctyrlistekns.cz\/wp\/?s={search_term_string}\"},\"query-input\":\"required name=search_term_string\"}],\"inLanguage\":\"cs\"}]}<\/script>\n<!-- \/ Yoast SEO plugin. -->","yoast_head_json":{"title":"Reperto\u00e1r - \u010cty\u0159l\u00edstek","description":"Reporto\u00e1r folklorn\u00edho souboru \u010cty\u0159l\u00edstek. Seznam v\u0161ech p\u00e1sem, kter\u00e9 jsme nacvi\u010dli, tan\u010dili a kde n\u00e1s m\u016f\u017eete vid\u011bt .","robots":{"index":"index","follow":"follow","max-snippet":"max-snippet:-1","max-image-preview":"max-image-preview:large","max-video-preview":"max-video-preview:-1"},"canonical":"http:\/\/www.ctyrlistekns.cz\/wp\/repertoar\/","og_locale":"cs_CZ","og_type":"article","og_title":"Reperto\u00e1r - \u010cty\u0159l\u00edstek","og_description":"Reporto\u00e1r folklorn\u00edho souboru \u010cty\u0159l\u00edstek. Seznam v\u0161ech p\u00e1sem, kter\u00e9 jsme nacvi\u010dli, tan\u010dili a kde n\u00e1s m\u016f\u017eete vid\u011bt .","og_url":"http:\/\/www.ctyrlistekns.cz\/wp\/repertoar\/","og_site_name":"\u010cty\u0159l\u00edstek","article_modified_time":"2024-11-30T13:27:27+00:00","twitter_card":"summary_large_image","twitter_misc":{"Odhadovan\u00e1 doba \u010dten\u00ed":"3 minuty"},"schema":{"@context":"https:\/\/schema.org","@graph":[{"@type":"WebPage","@id":"http:\/\/www.ctyrlistekns.cz\/wp\/repertoar\/","url":"http:\/\/www.ctyrlistekns.cz\/wp\/repertoar\/","name":"Reperto\u00e1r - \u010cty\u0159l\u00edstek","isPartOf":{"@id":"http:\/\/www.ctyrlistekns.cz\/wp\/#website"},"datePublished":"2017-11-22T11:49:13+00:00","dateModified":"2024-11-30T13:27:27+00:00","description":"Reporto\u00e1r folklorn\u00edho souboru \u010cty\u0159l\u00edstek. Seznam v\u0161ech p\u00e1sem, kter\u00e9 jsme nacvi\u010dli, tan\u010dili a kde n\u00e1s m\u016f\u017eete vid\u011bt .","breadcrumb":{"@id":"http:\/\/www.ctyrlistekns.cz\/wp\/repertoar\/#breadcrumb"},"inLanguage":"cs","potentialAction":[{"@type":"ReadAction","target":["http:\/\/www.ctyrlistekns.cz\/wp\/repertoar\/"]}]},{"@type":"BreadcrumbList","@id":"http:\/\/www.ctyrlistekns.cz\/wp\/repertoar\/#breadcrumb","itemListElement":[{"@type":"ListItem","position":1,"name":"Dom\u016f","item":"http:\/\/www.ctyrlistekns.cz\/wp\/"},{"@type":"ListItem","position":2,"name":"Reperto\u00e1r"}]},{"@type":"WebSite","@id":"http:\/\/www.ctyrlistekns.cz\/wp\/#website","url":"http:\/\/www.ctyrlistekns.cz\/wp\/","name":"\u010cty\u0159l\u00edstek","description":"Folklorn\u00ed soubor z Nov\u00e9ho Stra\u0161ec\u00ed","potentialAction":[{"@type":"SearchAction","target":{"@type":"EntryPoint","urlTemplate":"http:\/\/www.ctyrlistekns.cz\/wp\/?s={search_term_string}"},"query-input":"required name=search_term_string"}],"inLanguage":"cs"}]}},"_links":{"self":[{"href":"http:\/\/www.ctyrlistekns.cz\/wp\/wp-json\/wp\/v2\/pages\/39"}],"collection":[{"href":"http:\/\/www.ctyrlistekns.cz\/wp\/wp-json\/wp\/v2\/pages"}],"about":[{"href":"http:\/\/www.ctyrlistekns.cz\/wp\/wp-json\/wp\/v2\/types\/page"}],"author":[{"embeddable":true,"href":"http:\/\/www.ctyrlistekns.cz\/wp\/wp-json\/wp\/v2\/users\/1"}],"replies":[{"embeddable":true,"href":"http:\/\/www.ctyrlistekns.cz\/wp\/wp-json\/wp\/v2\/comments?post=39"}],"version-history":[{"count":17,"href":"http:\/\/www.ctyrlistekns.cz\/wp\/wp-json\/wp\/v2\/pages\/39\/revisions"}],"predecessor-version":[{"id":619,"href":"http:\/\/www.ctyrlistekns.cz\/wp\/wp-json\/wp\/v2\/pages\/39\/revisions\/619"}],"wp:attachment":[{"href":"http:\/\/www.ctyrlistekns.cz\/wp\/wp-json\/wp\/v2\/media?parent=39"}],"curies":[{"name":"wp","href":"https:\/\/api.w.org\/{rel}","templated":true}]}}